{"id":3,"date":"2020-01-19T02:23:51","date_gmt":"2020-01-19T02:23:51","guid":{"rendered":"https:\/\/montesion.es\/?page_id=3"},"modified":"2020-03-02T22:01:56","modified_gmt":"2020-03-02T22:01:56","slug":"politica-de-privacidad","status":"publish","type":"page","link":"https:\/\/montesion.es\/index.php\/politica-de-privacidad\/","title":{"rendered":"Pol\u00edtica de privacidad"},"content":{"rendered":"\n<p>NOTA INFORMATIVA A TENER EN CUENTA POR COLEGIO NTRA. SRA. DE MONTE-SI\u00d3N:<\/p>\n\n\n\n<p>Se propone la siguiente Pol\u00edtica de Privacidad en el que se pretende regular los t\u00e9rminos del tratamiento de datos de car\u00e1cter personal de la p\u00e1gina web:&nbsp;<a href=\"http:\/\/www.montesion.es\/\">http:\/\/www.montesion.es\/<\/a><\/p>\n\n\n\n<p>Este texto deber\u00e1 aparecer a trav\u00e9s de un link (Pol\u00edtica de Privacidad) en la parte inferior de la p\u00e1gina, puesto que el mismo, debe ser visible y de f\u00e1cil acceso para los usuarios de la web. En el caso de remodelar reestructurar la web, es importante tener presente dicha observaci\u00f3n.<\/p>\n\n\n\n<p>COLEGIO NTRA. SRA. DE MONTE-SI\u00d3N, est\u00e1 especialmente sensibilizada en la protecci\u00f3n de datos de car\u00e1cter personal de los Usuarios de los servicios del sitio Web. Mediante la presente Pol\u00edtica de Privacidad (o Pol\u00edtica de Protecci\u00f3n de Datos) COLEGIO NTRA. SRA. DE MONTE-SI\u00d3N informa a los USUARIOS de los sitios web:&nbsp;<a href=\"http:\/\/www.montesion.es\/\">http:\/\/www.montesion.es\/<\/a>, de los usos a los que se someten los datos de car\u00e1cter personal que se recaban en sitio Web, con el fin de que decidan, libre y voluntariamente, si desean facilitar la informaci\u00f3n solicitada.<\/p>\n\n\n\n<p>Es compromiso del Centro respetar la privacidad de los usuarios y la protecci\u00f3n y seguridad de los datos personales de quienes, como usted, acceden a la Web o al Portal \u201cEDUCAMOS\u201d. Por ello, por medio de este documento, le informamos sobre la forma en la que recogemos, tratamos y protegemos sus datos a trav\u00e9s de la Web y la plataforma.<\/p>\n\n\n\n<p>COLEGIO NTRA. SRA. DE MONTE-SI\u00d3N, se reserva la facultad de modificar esta Pol\u00edtica con el objeto de adaptarla a novedades legislativas, criterios jurisprudenciales, pr\u00e1cticas del sector, o intereses de la entidad. Cualquier modificaci\u00f3n en la misma ser\u00e1 anunciada con la debida antelaci\u00f3n, a fin de que tengas perfecto conocimiento de su contenido.<\/p>\n\n\n\n<ol class=\"wp-block-list\"><li><strong>RESPONSABLE DEL TRATAMIENTO<\/strong><\/li><\/ol>\n\n\n\n<p>El Responsable del Tratamiento de los datos de car\u00e1cter personal es COLEGIO NTRA. SRA. DE MONTE-SI\u00d3N<\/p>\n\n\n\n<p>Con domicilio social a estos efectos en Av. Padre Prudencio Palmera, 8 \u00b7 46900 \u00b7 Torrent, Valencia \u00b7 Espa\u00f1a.<\/p>\n\n\n\n<p>Tel\u00e9fono: (+34) 961 555 252 y Correo-e:&nbsp;<a href=\"mailto:montesion@montesion.es\">montesion@montesion.es<\/a><\/p>\n\n\n\n<ol class=\"wp-block-list\"><li><strong>FORMULARIO DE CONTACTO<\/strong><\/li><\/ol>\n\n\n\n<p>De conformidad con lo dispuesto en el Reglamento (UE) 2016\/679 del Parlamento Europeo y del Consejo de 27 de abril de 2016 (Reglamento General de Protecci\u00f3n de Datos = en adelante, RGPD), se informa que sus datos personales recogidos mediante el formulario de contacto, ser\u00e1n tratados por cuenta de COLEGIO NTRA. SRA. DE MONTE-SI\u00d3N, en calidad de responsable del tratamiento, con el fin de gestionar y atender las solicitudes de informaci\u00f3n, dudas, quejas, conocer la opini\u00f3n de los usuarios, respecto a los servicios ofertados en la presente p\u00e1gina web, as\u00ed como remitir informaci\u00f3n de inter\u00e9s sobre nuevas actividades o servicios de nuestro Colegio.<\/p>\n\n\n\n<p>La base jur\u00eddica que legitima el tratamiento de sus datos de car\u00e1cter personal es el consentimiento manifestado por el usuario mediante la cumplimentaci\u00f3n y env\u00edo del formulario correspondiente, para los fines anteriormente expresados.<\/p>\n\n\n\n<p>Los datos personales se conservar\u00e1n por el tiempo que precise la atenci\u00f3n del objeto de la comunicaci\u00f3n y, en su caso, por el tiempo que no haya manifestado la oposici\u00f3n al env\u00edo de comunicaciones comerciales.<\/p>\n\n\n\n<p>Los datos personales no ser\u00e1n cedidos o comunicados a terceros, salvo en los supuestos necesarios para el desarrollo, control y cumplimiento de las finalidades expresadas, en los supuestos previstos seg\u00fan Ley.<\/p>\n\n\n\n<p>Si no desea seguir recibiendo e-mails de COLEGIO NTRA. SRA. DE MONTE-SI\u00d3N, solo tiene que enviar un mensaje a&nbsp;<a href=\"mailto:montesion@montesion.es\">montesion@montesion.es<\/a>, indicando su direcci\u00f3n de e-mail y que desea darse de baja de nuestras comunicaciones comerciales.<\/p>\n\n\n\n<p>Asimismo, informamos que, en cualquier momento, el interesado de los datos personales podr\u00e1 ejercitar los derechos que le asisten, de acuerdo con el RGPD, y que son:<\/p>\n\n\n\n<ul class=\"wp-block-list\"><li>Derecho a solicitar el acceso a los datos personales relativos al interesado,<\/li><li>Derecho a solicitar su rectificaci\u00f3n o supresi\u00f3n,<\/li><li>Derecho a solicitar la limitaci\u00f3n de su tratamiento,<\/li><li>Derecho a oponerse al tratamiento,<\/li><li>Derecho a la portabilidad de los datos<\/li><\/ul>\n\n\n\n<p>El interesado podr\u00e1 ejercitar tales derechos mediante solicitud acompa\u00f1ada de una fotocopia de su D.N.I, y en la que especificar\u00e1 cu\u00e1l de \u00e9stos solicita sea satisfecho, remitida a la direcci\u00f3n: COLEGIO NTRA. SRA. DE MONTE-SI\u00d3N, domicilio social a estos efectos en Calle de la Av. Padre Prudencio Palmera, 8 \u00b7 46900 \u00b7 Torrent, Valencia \u00b7 Espa\u00f1a, o bien a nuestro Delegado de Protecci\u00f3n de Datos (<a href=\"mailto:amigonianos@dpoexterno.com\">amigonianos@dpoexterno.com<\/a>).<\/p>\n\n\n\n<p>En caso de considerar vulnerado su derecho a la protecci\u00f3n de datos personales, podr\u00e1 interponer una reclamaci\u00f3n ante la Agencia Espa\u00f1ola de Protecci\u00f3n de Datos (<a href=\"http:\/\/www.agpd.es\/\" target=\"_blank\" rel=\"noopener\">www.agpd.es<\/a>).<\/p>\n\n\n\n<ol class=\"wp-block-list\"><li><strong>ACCESO PORTAL \u201cEDUCAMOS\u201d&nbsp;<\/strong><strong>(<\/strong><strong><a href=\"http:\/\/www.educamos.montesion.es\/\">educamos.montesion.es<\/a>)<\/strong><\/li><\/ol>\n\n\n\n<p>De conformidad con lo dispuesto en el Reglamento (UE) 2016\/679 del Parlamento Europeo y del Consejo de 27 de abril de 2016 (Reglamento General de Protecci\u00f3n de Datos), se informa que sus datos personales recogidos mediante el Portal web \u201cEDUCAMOS\u201d (<a href=\"http:\/\/www.educamos.montesion.es\/\">www.educamos.montesion.es<\/a>), ser\u00e1n tratados por cuenta de COLEGIO NTRA. SRA. DE MONTE-SI\u00d3N, en calidad de responsable del tratamiento.<\/p>\n\n\n\n<p>Este Portal opera sobre SM Educamos, una plataforma de SM complementada por algunas aplicaciones m\u00f3viles que permite al Centro tener centralizados, en una \u00fanica soluci\u00f3n, todos los procesos relacionados con su actividad tales como la gesti\u00f3n administrativa y econ\u00f3mica, la gesti\u00f3n acad\u00e9mica, los servicios auxiliares (comedor, transporte, etc.), las comunicaciones, etc. En consecuencia, a trav\u00e9s del Portal el Colegio realiza el tratamiento de datos de car\u00e1cter personal de sus alumnos, padres\/representantes legales, profesores y personal administrativo (en adelante, los Usuarios). La plataforma permite gestionar la informaci\u00f3n tanto de centros individuales como de redes de colegios, y tambi\u00e9n es capaz de integrarse con m\u00faltiples sistemas, ya sea para ofrecer soluciones y servicios aportados por otros proveedores o para establecer las pasarelas necesarias para el intercambio de datos entre los colegios y las autoridades educativas.<\/p>\n\n\n\n<p>Los datos que consten en este Portal ser\u00e1n tratados con la \u00fanica finalidad de gestionar, a trav\u00e9s de sus distintos m\u00f3dulos, funcionalidades y aplicaciones asociadas, los distintos procesos de la actividad del Centro (gesti\u00f3n administrativa, econ\u00f3mica y acad\u00e9mica, servicios auxiliares, comunicaciones, etc.) que afectan a cada Usuario, de acuerdo con la relaci\u00f3n que este tiene con aquel (alumno, padre\/representante legal, profesor, personal administrativo\u2026). Ello implica realizar todas las operaciones t\u00e9cnicas necesarias para el buen funcionamiento de la plataforma como, por ejemplo:<\/p>\n\n\n\n<ul class=\"wp-block-list\"><li>Crear su usuario para el acceso a su perfil y proporcionarle las claves de acceso al Portal.<\/li><li>Gestionar las incidencias t\u00e9cnicas que pudieran ocasionarse que afecten al Portal, as\u00ed como prestarle soporte t\u00e9cnico para la resoluci\u00f3n de las mismas.<\/li><li>Disociar con fines estad\u00edsticos aquellos datos que hayan sido recabados por medio del Portal, para su evaluaci\u00f3n por el titular de la plataforma y adopci\u00f3n de mejoras sobre la misma.<\/li><li>Gesti\u00f3n de las comunicaciones mantenidas entre los distintos Usuarios.<\/li><\/ul>\n\n\n\n<p>Asimismo, podr\u00e1 ejercitar los derechos de Acceso, Rectificaci\u00f3n, Portabilidad, Supresi\u00f3n o, en su caso, Oposici\u00f3n, como se explica en la informaci\u00f3n adicional.<\/p>\n\n\n\n<p>Puede consultar la informaci\u00f3n adicional y detallada sobre Protecci\u00f3n de Datos en nuestra p\u00e1gina web:&nbsp;<a href=\"http:\/\/www.educamos.montesion.es\/\">www.educamos.montesion.es<\/a><\/p>\n\n\n\n<ol class=\"wp-block-list\"><li><strong>CL\u00c1USULA ENV\u00cdO CURR\u00cdCULUM (OFERTAS DE TRABAJO)<\/strong><\/li><\/ol>\n\n\n\n<p>De conformidad con lo dispuesto en el Reglamento (UE) 2016\/679 del Parlamento Europeo y del Consejo de 27 de abril de 2016 (Reglamento General de Protecci\u00f3n de Datos), se informa que sus datos personales recogidos mediante el formulario puesto a disposici\u00f3n en la web, ser\u00e1n tratados por cuenta de COLEGIO NTRA. SRA. DE MONTE-SI\u00d3N, en calidad de responsable del tratamiento, con el fin de poder gestionar las solicitudes de empleo y, en su caso, el proceso selectivo, en el que pudiera ser incluido, para la provisi\u00f3n de puesto de trabajo en la entidad.<\/p>\n\n\n\n<p>Los datos son tratados en base al consentimiento manifestado mediante el env\u00edo del Curr\u00edculo al formulario facilitado en la p\u00e1gina web, ya sea personalmente o a trav\u00e9s de tercero.<\/p>\n\n\n\n<p>El curr\u00edculo, salvo que Ud. no ejerza cancelaci\u00f3n u oposici\u00f3n, podr\u00e1 conservase para futuros procesos de selecci\u00f3n en puesto de trabajo de la entidad, en el \u00e1rea de su formaci\u00f3n acad\u00e9mica y\/o profesional, En todo caso, COLEGIO NTRA. SRA. DE MONTE-SI\u00d3N, no asume responsabilidad por la falta de veracidad y actualizaci\u00f3n de la informaci\u00f3n aportada. Y, asimismo, se reserva la facultad de eliminar o destruir la informaci\u00f3n que pudiera obrar en sus ficheros, en cualquier momento y sin previo aviso. A estos efectos, adoptar\u00e1 las medidas pertinentes para impedir la restauraci\u00f3n o recuperaci\u00f3n de los datos por terceros. Los datos no ser\u00e1n cedidos o comunicados a terceros, salvo en los supuestos previstos seg\u00fan Ley.<\/p>\n\n\n\n<p>Asimismo, informamos que, en cualquier momento, puede ejercer los derechos de acceso, rectificaci\u00f3n, supresi\u00f3n, portabilidad y, en su caso, oposici\u00f3n enviando una solicitud por escrito, acompa\u00f1ada de una fotocopia de su DNI o documento identificativo equivalente, dirigida a: COLEGIO NTRA. SRA. DE MONTE-SI\u00d3N, Av. Padre Prudencio Palmera, 8 \u00b7 46900 \u00b7 Torrent, Valencia \u00b7 Espa\u00f1a, o bien a nuestro Delegado de Protecci\u00f3n de Datos (<a href=\"mailto:amigonianos@dpoexterno.com\">amigonianos@dpoexterno.com<\/a>).<\/p>\n\n\n\n<p>En caso de considerar vulnerado su derecho a la protecci\u00f3n de datos personales, podr\u00e1 interponer una reclamaci\u00f3n ante la Agencia Espa\u00f1ola de Protecci\u00f3n de Datos (<a href=\"http:\/\/www.agpd.es\/\" target=\"_blank\" rel=\"noopener\">www.agpd.es<\/a>).<\/p>\n\n\n\n<p>Con todo, queremos informarle que, en caso de recibir su Curr\u00edculum mediante correo ordinario a la direcci\u00f3n postal anteriormente se\u00f1alada, desde el Colegio se proceder\u00e1 a su eliminaci\u00f3n, sin posibilidad de almacenar el Curr\u00edculum remitido. Asimismo, no podr\u00e1 participar en los procesos de selecci\u00f3n en los que Usted manifest\u00f3 inter\u00e9s. La forma correcta de proceder, ser\u00e1 facilitando su Curr\u00edculum Vitae mediante el apartado puesto a su disposici\u00f3n en la Web del Colegio (<a href=\"http:\/\/www.montesion.es\/index.php\/trabaja-con-nosotros\">http:\/\/www.montesion.es\/index.php\/trabaja-con-nosotros<\/a>).<\/p>\n\n\n\n<ol class=\"wp-block-list\"><li><strong>MEDIDAS DE SEGURIDAD<\/strong><\/li><\/ol>\n\n\n\n<p>Finalmente se informa que COLEGIO NTRA. SRA. DE MONTE-SI\u00d3N, adopta en su sistema de informaci\u00f3n las medidas t\u00e9cnicas y organizativas legalmente requeridas, a fin de garantizar la seguridad y confidencialidad de los datos almacenados, evitando as\u00ed, su alteraci\u00f3n, p\u00e9rdida, tratamiento o acceso no autorizado.<\/p>\n\n\n\n<p>Si tiene alguna pregunta sobre esta Pol\u00edtica de Privacidad, rogamos que se ponga en contacto con nosotros enviando un email a&nbsp;<a href=\"mailto:montesion@montesion.es\">montesion@montesion.es<\/a><\/p>\n\n\n\n<p>COLEGIO NTRA. SRA. DE MONTE-SI\u00d3N, 2018 \u00a9Todos los derechos reservados<\/p>\n","protected":false},"excerpt":{"rendered":"<p>NOTA INFORMATIVA A TENER EN CUENTA POR COLEGIO NTRA. SRA. DE MONTE-SI\u00d3N: Se propone la siguiente Pol\u00edtica de Privacidad en el que se pretende regular los t\u00e9rminos del tratamiento de datos de car\u00e1cter personal de la p\u00e1gina web:&nbsp;http:\/\/www.montesion.es\/ Este texto deber\u00e1 aparecer a trav\u00e9s de un link (Pol\u00edtica de Privacidad) en la parte inferior de &#8230; <a title=\"Pol\u00edtica de privacidad\" class=\"read-more\" href=\"https:\/\/montesion.es\/index.php\/politica-de-privacidad\/\" aria-label=\"Leer m\u00e1s sobre Pol\u00edtica de privacidad\">Leer m\u00e1s<\/a><\/p>\n","protected":false},"author":3,"featured_media":0,"parent":0,"menu_order":0,"comment_status":"closed","ping_status":"closed","template":"","meta":{"_monsterinsights_skip_tracking":false,"_monsterinsights_sitenote_active":false,"_monsterinsights_sitenote_note":"","_monsterinsights_sitenote_category":0,"footnotes":""},"class_list":["post-3","page","type-page","status-publish"],"_links":{"self":[{"href":"https:\/\/montesion.es\/index.php\/wp-json\/wp\/v2\/pages\/3","targetHints":{"allow":["GET"]}}],"collection":[{"href":"https:\/\/montesion.es\/index.php\/wp-json\/wp\/v2\/pages"}],"about":[{"href":"https:\/\/montesion.es\/index.php\/wp-json\/wp\/v2\/types\/page"}],"author":[{"embeddable":true,"href":"https:\/\/montesion.es\/index.php\/wp-json\/wp\/v2\/users\/3"}],"replies":[{"embeddable":true,"href":"https:\/\/montesion.es\/index.php\/wp-json\/wp\/v2\/comments?post=3"}],"version-history":[{"count":2,"href":"https:\/\/montesion.es\/index.php\/wp-json\/wp\/v2\/pages\/3\/revisions"}],"predecessor-version":[{"id":595,"href":"https:\/\/montesion.es\/index.php\/wp-json\/wp\/v2\/pages\/3\/revisions\/595"}],"wp:attachment":[{"href":"https:\/\/montesion.es\/index.php\/wp-json\/wp\/v2\/media?parent=3"}],"curies":[{"name":"wp","href":"https:\/\/api.w.org\/{rel}","templated":true}]}}