{"id":1465,"date":"2021-04-15T11:54:49","date_gmt":"2021-04-15T11:54:49","guid":{"rendered":"https:\/\/montesion.es\/?page_id=1465"},"modified":"2026-02-06T11:50:38","modified_gmt":"2026-02-06T09:50:38","slug":"nuestro-colegio","status":"publish","type":"page","link":"https:\/\/montesion.es\/index.php\/nuestro-colegio\/","title":{"rendered":"Nuestro Colegio"},"content":{"rendered":"\t\t<div data-elementor-type=\"wp-page\" data-elementor-id=\"1465\" class=\"elementor elementor-1465\" data-elementor-post-type=\"page\">\n\t\t\t\t\t\t<section class=\"elementor-section elementor-top-section elementor-element elementor-element-d148f35 elementor-section-boxed elementor-section-height-default elementor-section-height-default\" data-id=\"d148f35\" data-element_type=\"section\" data-e-type=\"section\" data-settings=\"{&quot;background_background&quot;:&quot;classic&quot;}\">\n\t\t\t\t\t\t<div class=\"elementor-container elementor-column-gap-default\">\n\t\t\t\t\t<div class=\"elementor-column elementor-col-33 elementor-top-column elementor-element elementor-element-33af2f4\" data-id=\"33af2f4\" data-element_type=\"column\" data-e-type=\"column\">\n\t\t\t<div class=\"elementor-widget-wrap elementor-element-populated\">\n\t\t\t\t\t\t<div class=\"elementor-element elementor-element-b10f854 elementor-widget elementor-widget-video\" data-id=\"b10f854\" data-element_type=\"widget\" data-e-type=\"widget\" data-settings=\"{&quot;youtube_url&quot;:&quot;https:\\\/\\\/youtu.be\\\/YdEipngU67w&quot;,&quot;video_type&quot;:&quot;youtube&quot;,&quot;controls&quot;:&quot;yes&quot;}\" data-widget_type=\"video.default\">\n\t\t\t\t<div class=\"elementor-widget-container\">\n\t\t\t\t\t\t\t<div class=\"elementor-wrapper elementor-open-inline\">\n\t\t\t<div class=\"elementor-video\"><\/div>\t\t<\/div>\n\t\t\t\t\t\t<\/div>\n\t\t\t\t<\/div>\n\t\t\t\t\t<\/div>\n\t\t<\/div>\n\t\t\t\t<div class=\"elementor-column elementor-col-33 elementor-top-column elementor-element elementor-element-c4837f6\" data-id=\"c4837f6\" data-element_type=\"column\" data-e-type=\"column\">\n\t\t\t<div class=\"elementor-widget-wrap elementor-element-populated\">\n\t\t\t\t\t\t<div class=\"elementor-element elementor-element-7357731 elementor-widget elementor-widget-video\" data-id=\"7357731\" data-element_type=\"widget\" data-e-type=\"widget\" data-settings=\"{&quot;youtube_url&quot;:&quot;https:\\\/\\\/youtu.be\\\/oDt4oVEsev0&quot;,&quot;video_type&quot;:&quot;youtube&quot;,&quot;controls&quot;:&quot;yes&quot;}\" data-widget_type=\"video.default\">\n\t\t\t\t<div class=\"elementor-widget-container\">\n\t\t\t\t\t\t\t<div class=\"elementor-wrapper elementor-open-inline\">\n\t\t\t<div class=\"elementor-video\"><\/div>\t\t<\/div>\n\t\t\t\t\t\t<\/div>\n\t\t\t\t<\/div>\n\t\t\t\t\t<\/div>\n\t\t<\/div>\n\t\t\t\t<div class=\"elementor-column elementor-col-33 elementor-top-column elementor-element elementor-element-4ea22d2\" data-id=\"4ea22d2\" data-element_type=\"column\" data-e-type=\"column\">\n\t\t\t<div class=\"elementor-widget-wrap elementor-element-populated\">\n\t\t\t\t\t\t<div class=\"elementor-element elementor-element-64cfcab elementor-widget elementor-widget-video\" data-id=\"64cfcab\" data-element_type=\"widget\" data-e-type=\"widget\" data-settings=\"{&quot;youtube_url&quot;:&quot;https:\\\/\\\/www.youtube.com\\\/watch?v=uIfMtyCg2Ao&quot;,&quot;video_type&quot;:&quot;youtube&quot;,&quot;controls&quot;:&quot;yes&quot;}\" data-widget_type=\"video.default\">\n\t\t\t\t<div class=\"elementor-widget-container\">\n\t\t\t\t\t\t\t<div class=\"elementor-wrapper elementor-open-inline\">\n\t\t\t<div class=\"elementor-video\"><\/div>\t\t<\/div>\n\t\t\t\t\t\t<\/div>\n\t\t\t\t<\/div>\n\t\t\t\t\t<\/div>\n\t\t<\/div>\n\t\t\t\t\t<\/div>\n\t\t<\/section>\n\t\t\t\t<section class=\"elementor-section elementor-top-section elementor-element elementor-element-abc3064 elementor-section-boxed elementor-section-height-default elementor-section-height-default\" data-id=\"abc3064\" data-element_type=\"section\" data-e-type=\"section\" data-settings=\"{&quot;background_background&quot;:&quot;classic&quot;}\">\n\t\t\t\t\t\t\t<div class=\"elementor-background-overlay\"><\/div>\n\t\t\t\t\t\t\t<div class=\"elementor-container elementor-column-gap-default\">\n\t\t\t\t\t<div class=\"elementor-column elementor-col-100 elementor-top-column elementor-element elementor-element-58f4ffb\" data-id=\"58f4ffb\" data-element_type=\"column\" data-e-type=\"column\">\n\t\t\t<div class=\"elementor-widget-wrap elementor-element-populated\">\n\t\t\t\t\t\t<div class=\"elementor-element elementor-element-eefce43 elementor-widget elementor-widget-heading\" data-id=\"eefce43\" data-element_type=\"widget\" data-e-type=\"widget\" data-widget_type=\"heading.default\">\n\t\t\t\t<div class=\"elementor-widget-container\">\n\t\t\t\t\t<h2 class=\"elementor-heading-title elementor-size-default\">Centro Religioso Concertado<\/h2>\t\t\t\t<\/div>\n\t\t\t\t<\/div>\n\t\t\t\t\t<\/div>\n\t\t<\/div>\n\t\t\t\t\t<\/div>\n\t\t<\/section>\n\t\t\t\t<section class=\"elementor-section elementor-top-section elementor-element elementor-element-b07c0d2 elementor-section-boxed elementor-section-height-default elementor-section-height-default\" data-id=\"b07c0d2\" data-element_type=\"section\" data-e-type=\"section\">\n\t\t\t\t\t\t<div class=\"elementor-container elementor-column-gap-default\">\n\t\t\t\t\t<div class=\"elementor-column elementor-col-25 elementor-top-column elementor-element elementor-element-09f9f93\" data-id=\"09f9f93\" data-element_type=\"column\" data-e-type=\"column\">\n\t\t\t<div class=\"elementor-widget-wrap elementor-element-populated\">\n\t\t\t\t\t\t<div class=\"elementor-element elementor-element-ec6fd4b elementor-view-default elementor-widget elementor-widget-icon\" data-id=\"ec6fd4b\" data-element_type=\"widget\" data-e-type=\"widget\" data-widget_type=\"icon.default\">\n\t\t\t\t<div class=\"elementor-widget-container\">\n\t\t\t\t\t\t\t<div class=\"elementor-icon-wrapper\">\n\t\t\t<div class=\"elementor-icon\">\n\t\t\t<i aria-hidden=\"true\" class=\"fas fa-shield-alt\"><\/i>\t\t\t<\/div>\n\t\t<\/div>\n\t\t\t\t\t\t<\/div>\n\t\t\t\t<\/div>\n\t\t\t\t<div class=\"elementor-element elementor-element-1099e1c elementor-widget elementor-widget-heading\" data-id=\"1099e1c\" data-element_type=\"widget\" data-e-type=\"widget\" data-widget_type=\"heading.default\">\n\t\t\t\t<div class=\"elementor-widget-container\">\n\t\t\t\t\t<h2 class=\"elementor-heading-title elementor-size-default\">Denominaci\u00f3n Oficial<\/h2>\t\t\t\t<\/div>\n\t\t\t\t<\/div>\n\t\t\t\t<div class=\"elementor-element elementor-element-d0a3c92 elementor-widget elementor-widget-text-editor\" data-id=\"d0a3c92\" data-element_type=\"widget\" data-e-type=\"widget\" data-widget_type=\"text-editor.default\">\n\t\t\t\t<div class=\"elementor-widget-container\">\n\t\t\t\t\t\t\t\t\t<p><strong>Col\u00b7legi Nuestra Se\u00f1ora de Monte-Si\u00f3n<\/strong><br \/>Centro Concertado<br \/>Av. Padre Prudencio, 10<br \/>46900 Torrent (Val\u00e8ncia)<\/p>\t\t\t\t\t\t\t\t<\/div>\n\t\t\t\t<\/div>\n\t\t\t\t\t<\/div>\n\t\t<\/div>\n\t\t\t\t<div class=\"elementor-column elementor-col-25 elementor-top-column elementor-element elementor-element-b8bfa28\" data-id=\"b8bfa28\" data-element_type=\"column\" data-e-type=\"column\">\n\t\t\t<div class=\"elementor-widget-wrap elementor-element-populated\">\n\t\t\t\t\t\t<div class=\"elementor-element elementor-element-d571863 elementor-view-default elementor-widget elementor-widget-icon\" data-id=\"d571863\" data-element_type=\"widget\" data-e-type=\"widget\" data-widget_type=\"icon.default\">\n\t\t\t\t<div class=\"elementor-widget-container\">\n\t\t\t\t\t\t\t<div class=\"elementor-icon-wrapper\">\n\t\t\t<div class=\"elementor-icon\">\n\t\t\t<i aria-hidden=\"true\" class=\"fas fa-pencil-alt\"><\/i>\t\t\t<\/div>\n\t\t<\/div>\n\t\t\t\t\t\t<\/div>\n\t\t\t\t<\/div>\n\t\t\t\t<div class=\"elementor-element elementor-element-b4d54c3 elementor-widget elementor-widget-heading\" data-id=\"b4d54c3\" data-element_type=\"widget\" data-e-type=\"widget\" data-widget_type=\"heading.default\">\n\t\t\t\t<div class=\"elementor-widget-container\">\n\t\t\t\t\t<h2 class=\"elementor-heading-title elementor-size-default\">Clasificaci\u00f3n Acad\u00e9mica<\/h2>\t\t\t\t<\/div>\n\t\t\t\t<\/div>\n\t\t\t\t<div class=\"elementor-element elementor-element-db523a1 elementor-widget elementor-widget-text-editor\" data-id=\"db523a1\" data-element_type=\"widget\" data-e-type=\"widget\" data-widget_type=\"text-editor.default\">\n\t\t\t\t<div class=\"elementor-widget-container\">\n\t\t\t\t\t\t\t\t\t<p><strong>Educaci\u00f3n Infantil 29-06-2001<\/strong>\u00a0(D.O.G.V. n\u00fam. 4079. 05-09-2001)<br \/><strong>Educaci\u00f3n Primaria 06-05-1992<\/strong>\u00a0(D.O.G.V. n\u00fam. 1811. 24-06-1992)<br \/><strong>Soporte a la Integraci\u00f3n 27-11-2002\u00a0<\/strong>(D.O.G.V. n\u00fam. 4417. 14-01-2003)<br \/><strong>Educaci\u00f3n Secundaria 15-06-1995\u00a0<\/strong>(D.O.G.V. n\u00fam. 2551. 14-07-1995)<br \/><strong>Bachllerato 15-06-1995\u00a0<\/strong>(D.O.G.V. n\u00fam. 2551. 14-07-1995)<br \/><strong>Homologado. Adscrito al IES, \u201cTirant lo Blanc\u201d de Torrent.<\/strong><\/p>\t\t\t\t\t\t\t\t<\/div>\n\t\t\t\t<\/div>\n\t\t\t\t\t<\/div>\n\t\t<\/div>\n\t\t\t\t<div class=\"elementor-column elementor-col-25 elementor-top-column elementor-element elementor-element-2dba386\" data-id=\"2dba386\" data-element_type=\"column\" data-e-type=\"column\">\n\t\t\t<div class=\"elementor-widget-wrap elementor-element-populated\">\n\t\t\t\t\t\t<div class=\"elementor-element elementor-element-f14cea2 elementor-view-default elementor-widget elementor-widget-icon\" data-id=\"f14cea2\" data-element_type=\"widget\" data-e-type=\"widget\" data-widget_type=\"icon.default\">\n\t\t\t\t<div class=\"elementor-widget-container\">\n\t\t\t\t\t\t\t<div class=\"elementor-icon-wrapper\">\n\t\t\t<div class=\"elementor-icon\">\n\t\t\t<i aria-hidden=\"true\" class=\"fas fa-info-circle\"><\/i>\t\t\t<\/div>\n\t\t<\/div>\n\t\t\t\t\t\t<\/div>\n\t\t\t\t<\/div>\n\t\t\t\t<div class=\"elementor-element elementor-element-7f250f7 elementor-widget elementor-widget-heading\" data-id=\"7f250f7\" data-element_type=\"widget\" data-e-type=\"widget\" data-widget_type=\"heading.default\">\n\t\t\t\t<div class=\"elementor-widget-container\">\n\t\t\t\t\t<h2 class=\"elementor-heading-title elementor-size-default\">Titularidad del Centro<\/h2>\t\t\t\t<\/div>\n\t\t\t\t<\/div>\n\t\t\t\t<div class=\"elementor-element elementor-element-b31a80b elementor-widget elementor-widget-text-editor\" data-id=\"b31a80b\" data-element_type=\"widget\" data-e-type=\"widget\" data-widget_type=\"text-editor.default\">\n\t\t\t\t<div class=\"elementor-widget-container\">\n\t\t\t\t\t\t\t\t\t<p><strong>Religiosos Terciarios Capuchinos (Amigonianos)<\/strong><br \/>D. Santi Planells Andreu, director general.<\/p>\t\t\t\t\t\t\t\t<\/div>\n\t\t\t\t<\/div>\n\t\t\t\t\t<\/div>\n\t\t<\/div>\n\t\t\t\t<div class=\"elementor-column elementor-col-25 elementor-top-column elementor-element elementor-element-844a3e4\" data-id=\"844a3e4\" data-element_type=\"column\" data-e-type=\"column\">\n\t\t\t<div class=\"elementor-widget-wrap elementor-element-populated\">\n\t\t\t\t\t\t<div class=\"elementor-element elementor-element-9a405e3 elementor-view-default elementor-widget elementor-widget-icon\" data-id=\"9a405e3\" data-element_type=\"widget\" data-e-type=\"widget\" data-widget_type=\"icon.default\">\n\t\t\t\t<div class=\"elementor-widget-container\">\n\t\t\t\t\t\t\t<div class=\"elementor-icon-wrapper\">\n\t\t\t<div class=\"elementor-icon\">\n\t\t\t<i aria-hidden=\"true\" class=\"fas fa-list-ol\"><\/i>\t\t\t<\/div>\n\t\t<\/div>\n\t\t\t\t\t\t<\/div>\n\t\t\t\t<\/div>\n\t\t\t\t<div class=\"elementor-element elementor-element-061d05f elementor-widget elementor-widget-heading\" data-id=\"061d05f\" data-element_type=\"widget\" data-e-type=\"widget\" data-widget_type=\"heading.default\">\n\t\t\t\t<div class=\"elementor-widget-container\">\n\t\t\t\t\t<h2 class=\"elementor-heading-title elementor-size-default\">Niveles Conertados<\/h2>\t\t\t\t<\/div>\n\t\t\t\t<\/div>\n\t\t\t\t<div class=\"elementor-element elementor-element-7b073b1 elementor-widget elementor-widget-text-editor\" data-id=\"7b073b1\" data-element_type=\"widget\" data-e-type=\"widget\" data-widget_type=\"text-editor.default\">\n\t\t\t\t<div class=\"elementor-widget-container\">\n\t\t\t\t\t\t\t\t\t<p><strong>Educaci\u00f3n Infantil:<\/strong>\u00a09 unidades.<br \/><strong>Educaci\u00f3n Primaria:<\/strong>\u00a018 unidades.<br \/><strong>Soporte a la integraci\u00f3n:<\/strong>\u00a02 unidades.<br \/><strong>Educaci\u00f3n Secundaria:<\/strong>\u00a012 unidades.<br \/><strong>Bachillerato:<\/strong>\u00a04 unidades.<\/p>\t\t\t\t\t\t\t\t<\/div>\n\t\t\t\t<\/div>\n\t\t\t\t\t<\/div>\n\t\t<\/div>\n\t\t\t\t\t<\/div>\n\t\t<\/section>\n\t\t\t\t<\/div>\n\t\t","protected":false},"excerpt":{"rendered":"<p>https:\/\/youtu.be\/YdEipngU67whttps:\/\/youtu.be\/oDt4oVEsev0https:\/\/www.youtube.com\/watch?v=uIfMtyCg2Ao Centro Religioso Concertado Denominaci\u00f3n Oficial Col\u00b7legi Nuestra Se\u00f1ora de Monte-Si\u00f3nCentro ConcertadoAv. Padre Prudencio, 1046900 Torrent (Val\u00e8ncia) Clasificaci\u00f3n Acad\u00e9mica Educaci\u00f3n Infantil 29-06-2001\u00a0(D.O.G.V. n\u00fam. 4079. 05-09-2001)Educaci\u00f3n Primaria 06-05-1992\u00a0(D.O.G.V. n\u00fam. 1811. 24-06-1992)Soporte a la Integraci\u00f3n 27-11-2002\u00a0(D.O.G.V. n\u00fam. 4417. 14-01-2003)Educaci\u00f3n Secundaria 15-06-1995\u00a0(D.O.G.V. n\u00fam. 2551. 14-07-1995)Bachllerato 15-06-1995\u00a0(D.O.G.V. n\u00fam. 2551. 14-07-1995)Homologado. Adscrito al IES, \u201cTirant lo Blanc\u201d de Torrent. Titularidad &#8230; <a title=\"Nuestro Colegio\" class=\"read-more\" href=\"https:\/\/montesion.es\/index.php\/nuestro-colegio\/\" aria-label=\"Leer m\u00e1s sobre Nuestro Colegio\">Leer m\u00e1s<\/a><\/p>\n","protected":false},"author":3,"featured_media":0,"parent":0,"menu_order":0,"comment_status":"closed","ping_status":"closed","template":"elementor_header_footer","meta":{"_monsterinsights_skip_tracking":false,"_monsterinsights_sitenote_active":false,"_monsterinsights_sitenote_note":"","_monsterinsights_sitenote_category":0,"footnotes":""},"class_list":["post-1465","page","type-page","status-publish"],"_links":{"self":[{"href":"https:\/\/montesion.es\/index.php\/wp-json\/wp\/v2\/pages\/1465","targetHints":{"allow":["GET"]}}],"collection":[{"href":"https:\/\/montesion.es\/index.php\/wp-json\/wp\/v2\/pages"}],"about":[{"href":"https:\/\/montesion.es\/index.php\/wp-json\/wp\/v2\/types\/page"}],"author":[{"embeddable":true,"href":"https:\/\/montesion.es\/index.php\/wp-json\/wp\/v2\/users\/3"}],"replies":[{"embeddable":true,"href":"https:\/\/montesion.es\/index.php\/wp-json\/wp\/v2\/comments?post=1465"}],"version-history":[{"count":12,"href":"https:\/\/montesion.es\/index.php\/wp-json\/wp\/v2\/pages\/1465\/revisions"}],"predecessor-version":[{"id":5839,"href":"https:\/\/montesion.es\/index.php\/wp-json\/wp\/v2\/pages\/1465\/revisions\/5839"}],"wp:attachment":[{"href":"https:\/\/montesion.es\/index.php\/wp-json\/wp\/v2\/media?parent=1465"}],"curies":[{"name":"wp","href":"https:\/\/api.w.org\/{rel}","templated":true}]}}